{"id":117369,"date":"2023-11-11T15:46:57","date_gmt":"2023-11-11T14:46:57","guid":{"rendered":"https:\/\/alpine-world.com\/shop\/prodotto\/julbo-lightyear-topside-boys-reactiv-0-4-high-contrast\/"},"modified":"2023-11-11T15:46:57","modified_gmt":"2023-11-11T14:46:57","slug":"julbo-lightyear-topside-boys-reactiv-0-4-high-contrast","status":"publish","type":"product","link":"https:\/\/alpine-world.com\/shop\/fr\/produit\/julbo-lightyear-topside-boys-reactiv-0-4-high-contrast\/","title":{"rendered":"Julbo Lightyear Topside Boys Reactiv 0-4 High Contrast"},"content":{"rendered":"<p>TOPSIDE BOYS c\u2019est \u00e0 la fois le nom d\u2019un crew et l\u2019expression d\u2019un sentiment unique. Ce sont les mots utilis\u00e9s par Nikolai Schirmer, Joonas Mattila et Krister Furnes Koppala pour d\u00e9crire le sentiment que l\u2019on ressent lorsqu\u2019on se tient en haut d\u2019une face, apr\u00e8s une ascension exigeante et qu\u2019on est pr\u00eat \u00e0 profiter du plaisir de la descente. Concernant le masque en lui-m\u00eame, leur choix s\u2019est port\u00e9 sur le LIGHTYEAR dot\u00e9 du nouvel \u00e9cran REACTIV 0-4 : un produit de r\u00e9f\u00e9rence pour le ski et r\u00e9compens\u00e9 par un ISPO award ! Cet \u00e9cran est une r\u00e9volution puisqu\u2019il permet de skier aussi bien au milieu de la nuit polaire que lorsque la luminosit\u00e9 est maximale ! Aussi \u00e9quip\u00e9 du SuperFlow Pro System, il permet de d\u00e9caler l\u2019\u00e9cran en avant de la monture pour \u00e9viter que la bu\u00e9e ne s\u2019installe. Ce qui se fait de mieux en mati\u00e8re de masque, tout simplement.<\/p>\n","protected":false},"excerpt":{"rendered":"<p>TOPSIDE BOYS c\u2019est \u00e0 la fois le nom d\u2019un crew et l\u2019expression d\u2019un sentiment unique. Ce sont les mots utilis\u00e9s par Nikolai Schirmer, Joonas Mattila et Krister Furnes Koppala pour d\u00e9crire le sentiment que l\u2019on ressent lorsqu\u2019on se tient en haut d\u2019une face, apr\u00e8s une ascension exigeante et qu\u2019on est pr\u00eat \u00e0 profiter du plaisir [&hellip;]<\/p>\n","protected":false},"featured_media":116909,"template":"","meta":{"_acf_changed":false,"_seopress_robots_primary_cat":"","_seopress_titles_title":"","_seopress_titles_desc":"","_seopress_robots_index":"","ep_exclude_from_search":false},"product_brand":[],"product_cat":[1029,1022,962,1042],"product_tag":[2985,2998],"class_list":{"0":"post-117369","1":"product","2":"type-product","3":"status-publish","4":"has-post-thumbnail","6":"product_cat-freeride-fr","7":"product_cat-lunettes-et-masques","8":"product_cat-materiel","9":"product_cat-ski-alpinisme","10":"product_tag-freeride-fr","11":"product_tag-ski-alpinisme","12":"pa_categoria-masques","13":"pa_colore-gris","14":"pa_genere-homme","15":"pa_genere-unisex-fr","16":"yith_product_brand-julbo-fr","18":"first","19":"outofstock","20":"sale","21":"taxable","22":"shipping-taxable","23":"purchasable","24":"product-type-simple"},"acf":[],"_links":{"self":[{"href":"https:\/\/alpine-world.com\/shop\/fr\/wp-json\/wp\/v2\/product\/117369","targetHints":{"allow":["GET"]}}],"collection":[{"href":"https:\/\/alpine-world.com\/shop\/fr\/wp-json\/wp\/v2\/product"}],"about":[{"href":"https:\/\/alpine-world.com\/shop\/fr\/wp-json\/wp\/v2\/types\/product"}],"wp:featuredmedia":[{"embeddable":true,"href":"https:\/\/alpine-world.com\/shop\/fr\/wp-json\/wp\/v2\/media\/116909"}],"wp:attachment":[{"href":"https:\/\/alpine-world.com\/shop\/fr\/wp-json\/wp\/v2\/media?parent=117369"}],"wp:term":[{"taxonomy":"product_brand","embeddable":true,"href":"https:\/\/alpine-world.com\/shop\/fr\/wp-json\/wp\/v2\/product_brand?post=117369"},{"taxonomy":"product_cat","embeddable":true,"href":"https:\/\/alpine-world.com\/shop\/fr\/wp-json\/wp\/v2\/product_cat?post=117369"},{"taxonomy":"product_tag","embeddable":true,"href":"https:\/\/alpine-world.com\/shop\/fr\/wp-json\/wp\/v2\/product_tag?post=117369"}],"curies":[{"name":"wp","href":"https:\/\/api.w.org\/{rel}","templated":true}]}}